{"id":1171,"date":"2024-03-08T13:12:13","date_gmt":"2024-03-08T13:12:13","guid":{"rendered":"https:\/\/jf-rabodepeixe.sisdias.com\/web\/?page_id=1171"},"modified":"2024-03-08T13:34:52","modified_gmt":"2024-03-08T13:34:52","slug":"executivo","status":"publish","type":"page","link":"https:\/\/jf-rabodepeixe.sisdias.com\/web\/executivo\/","title":{"rendered":"Executivo"},"content":{"rendered":"\t\t<div data-elementor-type=\"wp-page\" data-elementor-id=\"1171\" class=\"elementor elementor-1171\" data-elementor-post-type=\"page\">\n\t\t\t\t<div class=\"elementor-element elementor-element-9391ecf e-flex e-con-boxed e-con e-parent\" data-id=\"9391ecf\" data-element_type=\"container\" data-core-v316-plus=\"true\">\n\t\t\t\t\t<div class=\"e-con-inner\">\n\t\t\t\t<div class=\"elementor-element elementor-element-161196e elementor-widget elementor-widget-shortcode\" data-id=\"161196e\" data-element_type=\"widget\" data-widget_type=\"shortcode.default\">\n\t\t\t\t<div class=\"elementor-widget-container\">\n\t\t\t\t\t<div class=\"elementor-shortcode\">\r\n\r\n<div class=\"tab-content\" id=\"myTabContent\">\r\n        <div class=\"tab-pane fade show active\" id=\"tab32\" role=\"tabpanel\"\r\n        aria-labelledby=\"32-tab\">\r\n\r\n        \r\n        <div class=\"container text-center\">\r\n            <div class=\"row justify-content-center\">\r\n                                <div class='col-3 nopadding coluna'>\r\n                    <div class=\"row-img\">\r\n        <img decoding=\"async\" src=\"https:\/\/jf-rabodepeixe.sisdias.com\/web\/app\/uploads\/2024\/03\/jvieira_rp-300x300-1.webp\" alt=\"Foto\">\r\n    <\/div>\r\n\r\n<div class=\"align-bottom\">\r\n                    <div class=\"row row-nome\">\r\n                        <span>Jaime Lu\u00eds Melo Vieira<\/span>\r\n                    <\/div>\r\n                \r\n                                        <div class=\"row row-cargo\">\r\n                        <span>Presidente<\/span>\r\n                    <\/div>\r\n                                                                                                    <div class=\"row row-email\">\r\n                        <span>jaimelmvieira@hotmail.com<\/span>\r\n                    <\/div>\r\n                                        <\/div>\r\n                <\/div>\r\n                                <div class='col-3 nopadding coluna'>\r\n                \r\n<div class=\"align-bottom\">\r\n                    <div class=\"row row-nome\">\r\n                        <span>Renato Andrade Moniz<\/span>\r\n                    <\/div>\r\n                \r\n                                        <div class=\"row row-cargo\">\r\n                        <span>Secret\u00e1rio\/a<\/span>\r\n                    <\/div>\r\n                                                                                                    <\/div>\r\n                <\/div>\r\n                                <div class='col-3 nopadding coluna'>\r\n                \r\n<div class=\"align-bottom\">\r\n                    <div class=\"row row-nome\">\r\n                        <span>An\u00e1lia da Concei\u00e7\u00e3o Tavares Sousa<\/span>\r\n                    <\/div>\r\n                \r\n                                        <div class=\"row row-cargo\">\r\n                        <span>Tesoureiro\/a<\/span>\r\n                    <\/div>\r\n                                                                                                    <\/div>\r\n                <\/div>\r\n                \r\n            <\/div>\r\n        <\/div>\r\n\r\n            <\/div>\r\n    \r\n<\/div>\r\n\r\n\r\n\r\n<ul class=\"nav nav-tabs\" id=\"myTab\" role=\"tablist\">\r\n        <li class=\"nav-item\" role=\"presentation\">\r\n        <button class=\"nav-link active\" id=\"32-tab\" data-bs-toggle=\"tab\"\r\n            data-bs-target=\"#tab32\" type=\"button\" role=\"tab\" aria-controls=\"tab32\"\r\n            aria-selected=\"true\">\r\n            2021\/2025        <\/button>\r\n    <\/li>\r\n    <\/ul>\r\n\r\n<script src=\"https:\/\/cdn.jsdelivr.net\/npm\/@popperjs\/core@2.9.2\/dist\/umd\/popper.min.js\"\r\n    integrity=\"sha384-IQsoLXl5PILFhosVNubq5LC7Qb9DXgDA9i+tQ8Zj3iwWAwPtgFTxbJ8NT4GN1R8p\" crossorigin=\"anonymous\">\r\n<\/script>\r\n<script src=\"https:\/\/cdn.jsdelivr.net\/npm\/bootstrap@5.0.2\/dist\/js\/bootstrap.min.js\"\r\n    integrity=\"sha384-cVKIPhGWiC2Al4u+LWgxfKTRIcfu0JTxR+EQDz\/bgldoEyl4H0zUF0QKbrJ0EcQF\" crossorigin=\"anonymous\">\r\n<\/script>\r\n<link href=\"https:\/\/cdn.jsdelivr.net\/npm\/bootstrap@5.0.2\/dist\/css\/bootstrap.min.css\" rel=\"stylesheet\">\t<\/div>\n\t\t\t\t<\/div>\n\t\t\t\t<\/div>\n\t\t\t\t\t<\/div>\n\t\t\t\t<\/div>\n\t\t\t\t<\/div>\n\t\t","protected":false},"excerpt":{"rendered":"","protected":false},"author":1,"featured_media":0,"parent":0,"menu_order":0,"comment_status":"closed","ping_status":"closed","template":"","meta":{"_acf_changed":false,"footnotes":""},"acf":[],"yoast_head":"<!-- This site is optimized with the Yoast SEO plugin v22.2 - https:\/\/yoast.com\/wordpress\/plugins\/seo\/ -->\n<title>Executivo - Freguesia Vila de Rabo de Peixe<\/title>\n<meta name=\"robots\" content=\"noindex, follow, max-snippet:-1, max-image-preview:large, max-video-preview:-1\" \/>\n<meta property=\"og:locale\" content=\"pt_PT\" \/>\n<meta property=\"og:type\" content=\"article\" \/>\n<meta property=\"og:title\" content=\"Executivo - Freguesia Vila de Rabo de Peixe\" \/>\n<meta property=\"og:url\" content=\"https:\/\/jf-rabodepeixe.sisdias.com\/web\/executivo\/\" \/>\n<meta property=\"og:site_name\" content=\"Freguesia Vila de Rabo de Peixe\" \/>\n<meta property=\"article:modified_time\" content=\"2024-03-08T13:34:52+00:00\" \/>\n<meta name=\"twitter:card\" content=\"summary_large_image\" \/>\n<script type=\"application\/ld+json\" class=\"yoast-schema-graph\">{\"@context\":\"https:\/\/schema.org\",\"@graph\":[{\"@type\":\"WebPage\",\"@id\":\"https:\/\/jf-rabodepeixe.sisdias.com\/web\/executivo\/\",\"url\":\"https:\/\/jf-rabodepeixe.sisdias.com\/web\/executivo\/\",\"name\":\"Executivo - Freguesia Vila de Rabo de Peixe\",\"isPartOf\":{\"@id\":\"https:\/\/jf-rabodepeixe.sisdias.com\/web\/#website\"},\"datePublished\":\"2024-03-08T13:12:13+00:00\",\"dateModified\":\"2024-03-08T13:34:52+00:00\",\"breadcrumb\":{\"@id\":\"https:\/\/jf-rabodepeixe.sisdias.com\/web\/executivo\/#breadcrumb\"},\"inLanguage\":\"pt-PT\",\"potentialAction\":[{\"@type\":\"ReadAction\",\"target\":[\"https:\/\/jf-rabodepeixe.sisdias.com\/web\/executivo\/\"]}]},{\"@type\":\"BreadcrumbList\",\"@id\":\"https:\/\/jf-rabodepeixe.sisdias.com\/web\/executivo\/#breadcrumb\",\"itemListElement\":[{\"@type\":\"ListItem\",\"position\":1,\"name\":\"In\u00edcio\",\"item\":\"https:\/\/jf-rabodepeixe.sisdias.com\/web\/freguesiaconceicao\/\"},{\"@type\":\"ListItem\",\"position\":2,\"name\":\"Executivo\"}]},{\"@type\":\"WebSite\",\"@id\":\"https:\/\/jf-rabodepeixe.sisdias.com\/web\/#website\",\"url\":\"https:\/\/jf-rabodepeixe.sisdias.com\/web\/\",\"name\":\"Freguesia Vila de Rabo de Peixe\",\"description\":\"brasao\",\"publisher\":{\"@id\":\"https:\/\/jf-rabodepeixe.sisdias.com\/web\/#organization\"},\"potentialAction\":[{\"@type\":\"SearchAction\",\"target\":{\"@type\":\"EntryPoint\",\"urlTemplate\":\"https:\/\/jf-rabodepeixe.sisdias.com\/web\/?s={search_term_string}\"},\"query-input\":\"required name=search_term_string\"}],\"inLanguage\":\"pt-PT\"},{\"@type\":\"Organization\",\"@id\":\"https:\/\/jf-rabodepeixe.sisdias.com\/web\/#organization\",\"name\":\"Freguesia Vila de Rabo de Peixe\",\"url\":\"https:\/\/jf-rabodepeixe.sisdias.com\/web\/\",\"logo\":{\"@type\":\"ImageObject\",\"inLanguage\":\"pt-PT\",\"@id\":\"https:\/\/jf-rabodepeixe.sisdias.com\/web\/#\/schema\/logo\/image\/\",\"url\":\"https:\/\/jf-rabodepeixe.sisdias.com\/web\/app\/uploads\/2024\/02\/brasao.webp\",\"contentUrl\":\"https:\/\/jf-rabodepeixe.sisdias.com\/web\/app\/uploads\/2024\/02\/brasao.webp\",\"width\":300,\"height\":324,\"caption\":\"Freguesia Vila de Rabo de Peixe\"},\"image\":{\"@id\":\"https:\/\/jf-rabodepeixe.sisdias.com\/web\/#\/schema\/logo\/image\/\"}}]}<\/script>\n<!-- \/ Yoast SEO plugin. -->","yoast_head_json":{"title":"Executivo - Freguesia Vila de Rabo de Peixe","robots":{"index":"noindex","follow":"follow","max-snippet":"max-snippet:-1","max-image-preview":"max-image-preview:large","max-video-preview":"max-video-preview:-1"},"og_locale":"pt_PT","og_type":"article","og_title":"Executivo - Freguesia Vila de Rabo de Peixe","og_url":"https:\/\/jf-rabodepeixe.sisdias.com\/web\/executivo\/","og_site_name":"Freguesia Vila de Rabo de Peixe","article_modified_time":"2024-03-08T13:34:52+00:00","twitter_card":"summary_large_image","schema":{"@context":"https:\/\/schema.org","@graph":[{"@type":"WebPage","@id":"https:\/\/jf-rabodepeixe.sisdias.com\/web\/executivo\/","url":"https:\/\/jf-rabodepeixe.sisdias.com\/web\/executivo\/","name":"Executivo - Freguesia Vila de Rabo de Peixe","isPartOf":{"@id":"https:\/\/jf-rabodepeixe.sisdias.com\/web\/#website"},"datePublished":"2024-03-08T13:12:13+00:00","dateModified":"2024-03-08T13:34:52+00:00","breadcrumb":{"@id":"https:\/\/jf-rabodepeixe.sisdias.com\/web\/executivo\/#breadcrumb"},"inLanguage":"pt-PT","potentialAction":[{"@type":"ReadAction","target":["https:\/\/jf-rabodepeixe.sisdias.com\/web\/executivo\/"]}]},{"@type":"BreadcrumbList","@id":"https:\/\/jf-rabodepeixe.sisdias.com\/web\/executivo\/#breadcrumb","itemListElement":[{"@type":"ListItem","position":1,"name":"In\u00edcio","item":"https:\/\/jf-rabodepeixe.sisdias.com\/web\/freguesiaconceicao\/"},{"@type":"ListItem","position":2,"name":"Executivo"}]},{"@type":"WebSite","@id":"https:\/\/jf-rabodepeixe.sisdias.com\/web\/#website","url":"https:\/\/jf-rabodepeixe.sisdias.com\/web\/","name":"Freguesia Vila de Rabo de Peixe","description":"brasao","publisher":{"@id":"https:\/\/jf-rabodepeixe.sisdias.com\/web\/#organization"},"potentialAction":[{"@type":"SearchAction","target":{"@type":"EntryPoint","urlTemplate":"https:\/\/jf-rabodepeixe.sisdias.com\/web\/?s={search_term_string}"},"query-input":"required name=search_term_string"}],"inLanguage":"pt-PT"},{"@type":"Organization","@id":"https:\/\/jf-rabodepeixe.sisdias.com\/web\/#organization","name":"Freguesia Vila de Rabo de Peixe","url":"https:\/\/jf-rabodepeixe.sisdias.com\/web\/","logo":{"@type":"ImageObject","inLanguage":"pt-PT","@id":"https:\/\/jf-rabodepeixe.sisdias.com\/web\/#\/schema\/logo\/image\/","url":"https:\/\/jf-rabodepeixe.sisdias.com\/web\/app\/uploads\/2024\/02\/brasao.webp","contentUrl":"https:\/\/jf-rabodepeixe.sisdias.com\/web\/app\/uploads\/2024\/02\/brasao.webp","width":300,"height":324,"caption":"Freguesia Vila de Rabo de Peixe"},"image":{"@id":"https:\/\/jf-rabodepeixe.sisdias.com\/web\/#\/schema\/logo\/image\/"}}]}},"_links":{"self":[{"href":"https:\/\/jf-rabodepeixe.sisdias.com\/web\/wp-json\/wp\/v2\/pages\/1171"}],"collection":[{"href":"https:\/\/jf-rabodepeixe.sisdias.com\/web\/wp-json\/wp\/v2\/pages"}],"about":[{"href":"https:\/\/jf-rabodepeixe.sisdias.com\/web\/wp-json\/wp\/v2\/types\/page"}],"author":[{"embeddable":true,"href":"https:\/\/jf-rabodepeixe.sisdias.com\/web\/wp-json\/wp\/v2\/users\/1"}],"replies":[{"embeddable":true,"href":"https:\/\/jf-rabodepeixe.sisdias.com\/web\/wp-json\/wp\/v2\/comments?post=1171"}],"version-history":[{"count":11,"href":"https:\/\/jf-rabodepeixe.sisdias.com\/web\/wp-json\/wp\/v2\/pages\/1171\/revisions"}],"predecessor-version":[{"id":1189,"href":"https:\/\/jf-rabodepeixe.sisdias.com\/web\/wp-json\/wp\/v2\/pages\/1171\/revisions\/1189"}],"wp:attachment":[{"href":"https:\/\/jf-rabodepeixe.sisdias.com\/web\/wp-json\/wp\/v2\/media?parent=1171"}],"curies":[{"name":"wp","href":"https:\/\/api.w.org\/{rel}","templated":true}]}}