{"id":1068,"date":"2024-03-08T11:57:19","date_gmt":"2024-03-08T11:57:19","guid":{"rendered":"https:\/\/jf-rabodepeixe.sisdias.com\/web\/?page_id=1068"},"modified":"2024-03-08T11:57:57","modified_gmt":"2024-03-08T11:57:57","slug":"heraldica-2","status":"publish","type":"page","link":"https:\/\/jf-rabodepeixe.sisdias.com\/web\/heraldica-2\/","title":{"rendered":"Her\u00e1ldica"},"content":{"rendered":"\t\t<div data-elementor-type=\"wp-page\" data-elementor-id=\"1068\" class=\"elementor elementor-1068\" data-elementor-post-type=\"page\">\n\t\t\t\t<div class=\"elementor-element elementor-element-1469514 e-flex e-con-boxed e-con e-parent\" data-id=\"1469514\" data-element_type=\"container\" data-core-v316-plus=\"true\">\n\t\t\t\t\t<div class=\"e-con-inner\">\n\t\t\t\t<div class=\"elementor-element elementor-element-fb1b303 elementor-widget elementor-widget-text-editor\" data-id=\"fb1b303\" data-element_type=\"widget\" data-widget_type=\"text-editor.default\">\n\t\t\t\t<div class=\"elementor-widget-container\">\n\t\t\t\t\t\t\t<p>A freguesia de Rabo de Peixe foi elevada \u00e0 categoria de Vila pelo Decreto Legislativo Regional n\u00ba 17-A\/2004\/A, publicado em Di\u00e1rio da Rep\u00fablica, I S\u00e9rie A, n\u00ba 104 de 4 de Maio de 2004.<\/p>\t\t\t\t\t\t<\/div>\n\t\t\t\t<\/div>\n\t\t\t\t\t<\/div>\n\t\t\t\t<\/div>\n\t\t\t\t<div class=\"elementor-section elementor-top-section elementor-element elementor-element-fba0ac0 elementor-section-boxed elementor-section-height-default elementor-section-height-default\" data-id=\"fba0ac0\" data-element_type=\"section\">\n\t\t\t\t\t\t<div class=\"elementor-container elementor-column-gap-default\">\n\t\t\t\t\t<div class=\"elementor-column elementor-col-50 elementor-top-column elementor-element elementor-element-bcd9402\" data-id=\"bcd9402\" data-element_type=\"column\">\n\t\t\t<div class=\"elementor-widget-wrap elementor-element-populated\">\n\t\t\t\t\t\t<div class=\"elementor-element elementor-element-c7a8890 elementor-widget elementor-widget-image\" data-id=\"c7a8890\" data-element_type=\"widget\" data-widget_type=\"image.default\">\n\t\t\t\t<div class=\"elementor-widget-container\">\n\t\t\t\t\t\t\t\t\t\t\t\t\t<img fetchpriority=\"high\" decoding=\"async\" width=\"300\" height=\"324\" src=\"https:\/\/jf-rabodepeixe.sisdias.com\/web\/app\/uploads\/2024\/02\/brasao.webp\" class=\"attachment-full size-full wp-image-256\" alt=\"\" srcset=\"https:\/\/jf-rabodepeixe.sisdias.com\/web\/app\/uploads\/2024\/02\/brasao.webp 300w, https:\/\/jf-rabodepeixe.sisdias.com\/web\/app\/uploads\/2024\/02\/brasao-278x300.webp 278w\" sizes=\"(max-width: 300px) 100vw, 300px\" \/>\t\t\t\t\t\t\t\t\t\t\t\t\t<\/div>\n\t\t\t\t<\/div>\n\t\t\t\t\t<\/div>\n\t\t<\/div>\n\t\t\t\t<div class=\"elementor-column elementor-col-50 elementor-top-column elementor-element elementor-element-4850246\" data-id=\"4850246\" data-element_type=\"column\">\n\t\t\t<div class=\"elementor-widget-wrap elementor-element-populated\">\n\t\t\t\t\t\t<div class=\"elementor-element elementor-element-81ae5a1 elementor-widget elementor-widget-text-editor\" data-id=\"81ae5a1\" data-element_type=\"widget\" data-widget_type=\"text-editor.default\">\n\t\t\t\t<div class=\"elementor-widget-container\">\n\t\t\t\t\t\t\t<p><span class=\"style4\"><strong>Braz\u00e3o\u00a0<\/strong><\/span><span class=\"style2\"><br \/>Escudo de vermelho, rabo de peixe de prata, real\u00e7ado de azul, posto em barra e sainte de campanha ondada de prata e verde de tr\u00eas pe\u00e7as; em chefe, a\u00e7or de ouro, sustendo nas garras um escudete de azul carregado de cinco besantes de prata. Coroa mural de prata de quatro torres. Listel branco, com a legenda a negro: \u00abRABO de PEIXE\u00bb.\u00a0<\/span><\/p>\t\t\t\t\t\t<\/div>\n\t\t\t\t<\/div>\n\t\t\t\t\t<\/div>\n\t\t<\/div>\n\t\t\t\t\t<\/div>\n\t\t<\/div>\n\t\t\t\t<div class=\"elementor-section elementor-top-section elementor-element elementor-element-84e1789 elementor-section-boxed elementor-section-height-default elementor-section-height-default\" data-id=\"84e1789\" data-element_type=\"section\">\n\t\t\t\t\t\t<div class=\"elementor-container elementor-column-gap-default\">\n\t\t\t\t\t<div class=\"elementor-column elementor-col-50 elementor-top-column elementor-element elementor-element-de35f5a\" data-id=\"de35f5a\" data-element_type=\"column\">\n\t\t\t<div class=\"elementor-widget-wrap elementor-element-populated\">\n\t\t\t\t\t\t<div class=\"elementor-element elementor-element-318256d elementor-widget elementor-widget-image\" data-id=\"318256d\" data-element_type=\"widget\" data-widget_type=\"image.default\">\n\t\t\t\t<div class=\"elementor-widget-container\">\n\t\t\t\t\t\t\t\t\t\t\t\t\t<img decoding=\"async\" width=\"249\" height=\"400\" src=\"https:\/\/jf-rabodepeixe.sisdias.com\/web\/app\/uploads\/2024\/02\/bandeira.webp\" class=\"attachment-full size-full wp-image-247\" alt=\"\" srcset=\"https:\/\/jf-rabodepeixe.sisdias.com\/web\/app\/uploads\/2024\/02\/bandeira.webp 249w, https:\/\/jf-rabodepeixe.sisdias.com\/web\/app\/uploads\/2024\/02\/bandeira-187x300.webp 187w\" sizes=\"(max-width: 249px) 100vw, 249px\" \/>\t\t\t\t\t\t\t\t\t\t\t\t\t<\/div>\n\t\t\t\t<\/div>\n\t\t\t\t\t<\/div>\n\t\t<\/div>\n\t\t\t\t<div class=\"elementor-column elementor-col-50 elementor-top-column elementor-element elementor-element-8f28eec\" data-id=\"8f28eec\" data-element_type=\"column\">\n\t\t\t<div class=\"elementor-widget-wrap elementor-element-populated\">\n\t\t\t\t\t\t<div class=\"elementor-element elementor-element-afae6e2 elementor-widget elementor-widget-text-editor\" data-id=\"afae6e2\" data-element_type=\"widget\" data-widget_type=\"text-editor.default\">\n\t\t\t\t<div class=\"elementor-widget-container\">\n\t\t\t\t\t\t\t<p><strong>Bandeira<\/strong><br \/>Esquartelada de branco e vermelho. Cord\u00e3o e borlas de prata e vermelho. Haste e lan\u00e7a de ouro.<\/p>\t\t\t\t\t\t<\/div>\n\t\t\t\t<\/div>\n\t\t\t\t\t<\/div>\n\t\t<\/div>\n\t\t\t\t\t<\/div>\n\t\t<\/div>\n\t\t\t\t<\/div>\n\t\t","protected":false},"excerpt":{"rendered":"<p>A freguesia de Rabo de Peixe foi elevada \u00e0 categoria de Vila pelo Decreto Legislativo Regional n\u00ba 17-A\/2004\/A, publicado em Di\u00e1rio da Rep\u00fablica, I S\u00e9rie A, n\u00ba 104 de 4 de Maio de 2004. Braz\u00e3o\u00a0Escudo de vermelho, rabo de peixe de prata, real\u00e7ado de azul, posto em barra e sainte de campanha ondada de prata [&hellip;]<\/p>\n","protected":false},"author":1,"featured_media":0,"parent":0,"menu_order":0,"comment_status":"closed","ping_status":"closed","template":"","meta":{"_acf_changed":false,"footnotes":""},"acf":[],"yoast_head":"<!-- This site is optimized with the Yoast SEO plugin v22.2 - https:\/\/yoast.com\/wordpress\/plugins\/seo\/ -->\n<title>Her\u00e1ldica - Freguesia Vila de Rabo de Peixe<\/title>\n<meta name=\"robots\" content=\"noindex, follow, max-snippet:-1, max-image-preview:large, max-video-preview:-1\" \/>\n<meta property=\"og:locale\" content=\"pt_PT\" \/>\n<meta property=\"og:type\" content=\"article\" \/>\n<meta property=\"og:title\" content=\"Her\u00e1ldica - Freguesia Vila de Rabo de Peixe\" \/>\n<meta property=\"og:description\" content=\"A freguesia de Rabo de Peixe foi elevada \u00e0 categoria de Vila pelo Decreto Legislativo Regional n\u00ba 17-A\/2004\/A, publicado em Di\u00e1rio da Rep\u00fablica, I S\u00e9rie A, n\u00ba 104 de 4 de Maio de 2004. Braz\u00e3o\u00a0Escudo de vermelho, rabo de peixe de prata, real\u00e7ado de azul, posto em barra e sainte de campanha ondada de prata [&hellip;]\" \/>\n<meta property=\"og:url\" content=\"https:\/\/jf-rabodepeixe.sisdias.com\/web\/heraldica-2\/\" \/>\n<meta property=\"og:site_name\" content=\"Freguesia Vila de Rabo de Peixe\" \/>\n<meta property=\"article:modified_time\" content=\"2024-03-08T11:57:57+00:00\" \/>\n<meta property=\"og:image\" content=\"https:\/\/jf-rabodepeixe.sisdias.com\/web\/app\/uploads\/2024\/02\/brasao.webp\" \/>\n<meta name=\"twitter:card\" content=\"summary_large_image\" \/>\n<meta name=\"twitter:label1\" content=\"Tempo estimado de leitura\" \/>\n\t<meta name=\"twitter:data1\" content=\"2 minutos\" \/>\n<script type=\"application\/ld+json\" class=\"yoast-schema-graph\">{\"@context\":\"https:\/\/schema.org\",\"@graph\":[{\"@type\":\"WebPage\",\"@id\":\"https:\/\/jf-rabodepeixe.sisdias.com\/web\/heraldica-2\/\",\"url\":\"https:\/\/jf-rabodepeixe.sisdias.com\/web\/heraldica-2\/\",\"name\":\"Her\u00e1ldica - Freguesia Vila de Rabo de Peixe\",\"isPartOf\":{\"@id\":\"https:\/\/jf-rabodepeixe.sisdias.com\/web\/#website\"},\"primaryImageOfPage\":{\"@id\":\"https:\/\/jf-rabodepeixe.sisdias.com\/web\/heraldica-2\/#primaryimage\"},\"image\":{\"@id\":\"https:\/\/jf-rabodepeixe.sisdias.com\/web\/heraldica-2\/#primaryimage\"},\"thumbnailUrl\":\"https:\/\/jf-rabodepeixe.sisdias.com\/web\/app\/uploads\/2024\/02\/brasao.webp\",\"datePublished\":\"2024-03-08T11:57:19+00:00\",\"dateModified\":\"2024-03-08T11:57:57+00:00\",\"breadcrumb\":{\"@id\":\"https:\/\/jf-rabodepeixe.sisdias.com\/web\/heraldica-2\/#breadcrumb\"},\"inLanguage\":\"pt-PT\",\"potentialAction\":[{\"@type\":\"ReadAction\",\"target\":[\"https:\/\/jf-rabodepeixe.sisdias.com\/web\/heraldica-2\/\"]}]},{\"@type\":\"ImageObject\",\"inLanguage\":\"pt-PT\",\"@id\":\"https:\/\/jf-rabodepeixe.sisdias.com\/web\/heraldica-2\/#primaryimage\",\"url\":\"https:\/\/jf-rabodepeixe.sisdias.com\/web\/app\/uploads\/2024\/02\/brasao.webp\",\"contentUrl\":\"https:\/\/jf-rabodepeixe.sisdias.com\/web\/app\/uploads\/2024\/02\/brasao.webp\",\"width\":300,\"height\":324,\"caption\":\"brasao\"},{\"@type\":\"BreadcrumbList\",\"@id\":\"https:\/\/jf-rabodepeixe.sisdias.com\/web\/heraldica-2\/#breadcrumb\",\"itemListElement\":[{\"@type\":\"ListItem\",\"position\":1,\"name\":\"In\u00edcio\",\"item\":\"https:\/\/jf-rabodepeixe.sisdias.com\/web\/freguesiaconceicao\/\"},{\"@type\":\"ListItem\",\"position\":2,\"name\":\"Her\u00e1ldica\"}]},{\"@type\":\"WebSite\",\"@id\":\"https:\/\/jf-rabodepeixe.sisdias.com\/web\/#website\",\"url\":\"https:\/\/jf-rabodepeixe.sisdias.com\/web\/\",\"name\":\"Freguesia Vila de Rabo de Peixe\",\"description\":\"brasao\",\"publisher\":{\"@id\":\"https:\/\/jf-rabodepeixe.sisdias.com\/web\/#organization\"},\"potentialAction\":[{\"@type\":\"SearchAction\",\"target\":{\"@type\":\"EntryPoint\",\"urlTemplate\":\"https:\/\/jf-rabodepeixe.sisdias.com\/web\/?s={search_term_string}\"},\"query-input\":\"required name=search_term_string\"}],\"inLanguage\":\"pt-PT\"},{\"@type\":\"Organization\",\"@id\":\"https:\/\/jf-rabodepeixe.sisdias.com\/web\/#organization\",\"name\":\"Freguesia Vila de Rabo de Peixe\",\"url\":\"https:\/\/jf-rabodepeixe.sisdias.com\/web\/\",\"logo\":{\"@type\":\"ImageObject\",\"inLanguage\":\"pt-PT\",\"@id\":\"https:\/\/jf-rabodepeixe.sisdias.com\/web\/#\/schema\/logo\/image\/\",\"url\":\"https:\/\/jf-rabodepeixe.sisdias.com\/web\/app\/uploads\/2024\/02\/brasao.webp\",\"contentUrl\":\"https:\/\/jf-rabodepeixe.sisdias.com\/web\/app\/uploads\/2024\/02\/brasao.webp\",\"width\":300,\"height\":324,\"caption\":\"Freguesia Vila de Rabo de Peixe\"},\"image\":{\"@id\":\"https:\/\/jf-rabodepeixe.sisdias.com\/web\/#\/schema\/logo\/image\/\"}}]}<\/script>\n<!-- \/ Yoast SEO plugin. -->","yoast_head_json":{"title":"Her\u00e1ldica - Freguesia Vila de Rabo de Peixe","robots":{"index":"noindex","follow":"follow","max-snippet":"max-snippet:-1","max-image-preview":"max-image-preview:large","max-video-preview":"max-video-preview:-1"},"og_locale":"pt_PT","og_type":"article","og_title":"Her\u00e1ldica - Freguesia Vila de Rabo de Peixe","og_description":"A freguesia de Rabo de Peixe foi elevada \u00e0 categoria de Vila pelo Decreto Legislativo Regional n\u00ba 17-A\/2004\/A, publicado em Di\u00e1rio da Rep\u00fablica, I S\u00e9rie A, n\u00ba 104 de 4 de Maio de 2004. Braz\u00e3o\u00a0Escudo de vermelho, rabo de peixe de prata, real\u00e7ado de azul, posto em barra e sainte de campanha ondada de prata [&hellip;]","og_url":"https:\/\/jf-rabodepeixe.sisdias.com\/web\/heraldica-2\/","og_site_name":"Freguesia Vila de Rabo de Peixe","article_modified_time":"2024-03-08T11:57:57+00:00","og_image":[{"url":"https:\/\/jf-rabodepeixe.sisdias.com\/web\/app\/uploads\/2024\/02\/brasao.webp"}],"twitter_card":"summary_large_image","twitter_misc":{"Tempo estimado de leitura":"2 minutos"},"schema":{"@context":"https:\/\/schema.org","@graph":[{"@type":"WebPage","@id":"https:\/\/jf-rabodepeixe.sisdias.com\/web\/heraldica-2\/","url":"https:\/\/jf-rabodepeixe.sisdias.com\/web\/heraldica-2\/","name":"Her\u00e1ldica - Freguesia Vila de Rabo de Peixe","isPartOf":{"@id":"https:\/\/jf-rabodepeixe.sisdias.com\/web\/#website"},"primaryImageOfPage":{"@id":"https:\/\/jf-rabodepeixe.sisdias.com\/web\/heraldica-2\/#primaryimage"},"image":{"@id":"https:\/\/jf-rabodepeixe.sisdias.com\/web\/heraldica-2\/#primaryimage"},"thumbnailUrl":"https:\/\/jf-rabodepeixe.sisdias.com\/web\/app\/uploads\/2024\/02\/brasao.webp","datePublished":"2024-03-08T11:57:19+00:00","dateModified":"2024-03-08T11:57:57+00:00","breadcrumb":{"@id":"https:\/\/jf-rabodepeixe.sisdias.com\/web\/heraldica-2\/#breadcrumb"},"inLanguage":"pt-PT","potentialAction":[{"@type":"ReadAction","target":["https:\/\/jf-rabodepeixe.sisdias.com\/web\/heraldica-2\/"]}]},{"@type":"ImageObject","inLanguage":"pt-PT","@id":"https:\/\/jf-rabodepeixe.sisdias.com\/web\/heraldica-2\/#primaryimage","url":"https:\/\/jf-rabodepeixe.sisdias.com\/web\/app\/uploads\/2024\/02\/brasao.webp","contentUrl":"https:\/\/jf-rabodepeixe.sisdias.com\/web\/app\/uploads\/2024\/02\/brasao.webp","width":300,"height":324,"caption":"brasao"},{"@type":"BreadcrumbList","@id":"https:\/\/jf-rabodepeixe.sisdias.com\/web\/heraldica-2\/#breadcrumb","itemListElement":[{"@type":"ListItem","position":1,"name":"In\u00edcio","item":"https:\/\/jf-rabodepeixe.sisdias.com\/web\/freguesiaconceicao\/"},{"@type":"ListItem","position":2,"name":"Her\u00e1ldica"}]},{"@type":"WebSite","@id":"https:\/\/jf-rabodepeixe.sisdias.com\/web\/#website","url":"https:\/\/jf-rabodepeixe.sisdias.com\/web\/","name":"Freguesia Vila de Rabo de Peixe","description":"brasao","publisher":{"@id":"https:\/\/jf-rabodepeixe.sisdias.com\/web\/#organization"},"potentialAction":[{"@type":"SearchAction","target":{"@type":"EntryPoint","urlTemplate":"https:\/\/jf-rabodepeixe.sisdias.com\/web\/?s={search_term_string}"},"query-input":"required name=search_term_string"}],"inLanguage":"pt-PT"},{"@type":"Organization","@id":"https:\/\/jf-rabodepeixe.sisdias.com\/web\/#organization","name":"Freguesia Vila de Rabo de Peixe","url":"https:\/\/jf-rabodepeixe.sisdias.com\/web\/","logo":{"@type":"ImageObject","inLanguage":"pt-PT","@id":"https:\/\/jf-rabodepeixe.sisdias.com\/web\/#\/schema\/logo\/image\/","url":"https:\/\/jf-rabodepeixe.sisdias.com\/web\/app\/uploads\/2024\/02\/brasao.webp","contentUrl":"https:\/\/jf-rabodepeixe.sisdias.com\/web\/app\/uploads\/2024\/02\/brasao.webp","width":300,"height":324,"caption":"Freguesia Vila de Rabo de Peixe"},"image":{"@id":"https:\/\/jf-rabodepeixe.sisdias.com\/web\/#\/schema\/logo\/image\/"}}]}},"_links":{"self":[{"href":"https:\/\/jf-rabodepeixe.sisdias.com\/web\/wp-json\/wp\/v2\/pages\/1068"}],"collection":[{"href":"https:\/\/jf-rabodepeixe.sisdias.com\/web\/wp-json\/wp\/v2\/pages"}],"about":[{"href":"https:\/\/jf-rabodepeixe.sisdias.com\/web\/wp-json\/wp\/v2\/types\/page"}],"author":[{"embeddable":true,"href":"https:\/\/jf-rabodepeixe.sisdias.com\/web\/wp-json\/wp\/v2\/users\/1"}],"replies":[{"embeddable":true,"href":"https:\/\/jf-rabodepeixe.sisdias.com\/web\/wp-json\/wp\/v2\/comments?post=1068"}],"version-history":[{"count":4,"href":"https:\/\/jf-rabodepeixe.sisdias.com\/web\/wp-json\/wp\/v2\/pages\/1068\/revisions"}],"predecessor-version":[{"id":1072,"href":"https:\/\/jf-rabodepeixe.sisdias.com\/web\/wp-json\/wp\/v2\/pages\/1068\/revisions\/1072"}],"wp:attachment":[{"href":"https:\/\/jf-rabodepeixe.sisdias.com\/web\/wp-json\/wp\/v2\/media?parent=1068"}],"curies":[{"name":"wp","href":"https:\/\/api.w.org\/{rel}","templated":true}]}}