{"id":1052,"date":"2024-03-08T11:43:52","date_gmt":"2024-03-08T11:43:52","guid":{"rendered":"https:\/\/jf-rabodepeixe.sisdias.com\/web\/?page_id=1052"},"modified":"2024-03-08T11:55:41","modified_gmt":"2024-03-08T11:55:41","slug":"teste","status":"publish","type":"page","link":"https:\/\/jf-rabodepeixe.sisdias.com\/web\/teste\/","title":{"rendered":"Hist\u00f3ria"},"content":{"rendered":"\t\t<div data-elementor-type=\"wp-page\" data-elementor-id=\"1052\" class=\"elementor elementor-1052\" data-elementor-post-type=\"page\">\n\t\t\t\t<div class=\"elementor-element elementor-element-5e56225 e-flex e-con-boxed e-con e-parent\" data-id=\"5e56225\" data-element_type=\"container\" data-core-v316-plus=\"true\">\n\t\t\t\t\t<div class=\"e-con-inner\">\n\t\t\t\t<div class=\"elementor-element elementor-element-5db745a elementor-widget elementor-widget-text-editor\" data-id=\"5db745a\" data-element_type=\"widget\" data-widget_type=\"text-editor.default\">\n\t\t\t\t<div class=\"elementor-widget-container\">\n\t\t\t\t\t\t\t<p>As ra\u00edzes hist\u00f3ricas desta povoa\u00e7\u00e3o remontam, pelo menos a meados do s\u00e9c.XV, altura em que a ilha de S\u00e3o Miguel come\u00e7ava a ser povoada. Pequenos aglomerados de pessoas fixaram-se em diferentes pontos da Ilha, de forma explorarem as muitas riquezas existentes.<\/p><p>Na verdade, quer se encontrassem junto ao mar, quer se retirassem para o interior, as popula\u00e7\u00f5es encontraram sempre uma importante fonte de explora\u00e7\u00e3o: um mar abundante em esp\u00e9cies pisc\u00edcolas ou um territ\u00f3rio f\u00e9rtil e prop\u00edcio ao desenvolvimento de v\u00e1rias culturas. Assim se fixaram nas terras que hoje comp\u00f5es a Vila de Rabo de Peixe.<\/p><p>Gon\u00e7alo Velho Cabral chegou a S\u00e3o Miguel, em Maio de 1444, voltando em 1445, embora a ilha j\u00e1 tivesse sido visitada por navegadores no s\u00e9culo XIV.<\/p><p>De inicio, S\u00e3o Miguel era despovoado, apontando-se como primeiros moradores, segundo algumas fontes, P\u00earo de S\u00e3o Miguel e Aldon\u00e7a Rodrigues (sua mulher), por volta do ano de 1480. Ambos eram naturais de \u00c1frica e criados do Infante D.Henrique.<\/p><p>O Lugar de Rabo de Peixe s\u00f3 dever\u00e1 ter sido habitado, com as primeiras fam\u00edlias fixadas \u00e0 terra, por volta do finais da era de Quatrocentos por flamengos e mouros, cujas terras eram cedidas por El-Rei, com o fim de organizarem a vida neste povoado.<\/p><p>Neste caso, os seus habitantes, para al\u00e9m de terem o cultivo e a pastor\u00edcia como um importante recurso, tinham no mar o seu principal meio de subsist\u00eancia.<\/p>\t\t\t\t\t\t<\/div>\n\t\t\t\t<\/div>\n\t\t\t\t\t<\/div>\n\t\t\t\t<\/div>\n\t\t<div class=\"elementor-element elementor-element-af68379 e-flex e-con-boxed e-con e-parent\" data-id=\"af68379\" data-element_type=\"container\" data-core-v316-plus=\"true\">\n\t\t\t\t\t<div class=\"e-con-inner\">\n\t\t<div class=\"elementor-element elementor-element-b9d70a5 e-con-full e-flex e-con e-child\" data-id=\"b9d70a5\" data-element_type=\"container\">\n\t\t\t\t<div class=\"elementor-element elementor-element-cd4911b elementor-widget elementor-widget-image\" data-id=\"cd4911b\" data-element_type=\"widget\" data-widget_type=\"image.default\">\n\t\t\t\t<div class=\"elementor-widget-container\">\n\t\t\t\t\t\t\t\t\t\t\t\t\t<img fetchpriority=\"high\" decoding=\"async\" width=\"300\" height=\"200\" src=\"https:\/\/jf-rabodepeixe.sisdias.com\/web\/app\/uploads\/2024\/02\/4-1.webp\" class=\"attachment-large size-large wp-image-231\" alt=\"\" \/>\t\t\t\t\t\t\t\t\t\t\t\t\t<\/div>\n\t\t\t\t<\/div>\n\t\t\t\t<\/div>\n\t\t<div class=\"elementor-element elementor-element-aacfb1b e-con-full e-flex e-con e-child\" data-id=\"aacfb1b\" data-element_type=\"container\">\n\t\t\t\t<div class=\"elementor-element elementor-element-4f4f2a5 elementor-widget elementor-widget-image\" data-id=\"4f4f2a5\" data-element_type=\"widget\" data-widget_type=\"image.default\">\n\t\t\t\t<div class=\"elementor-widget-container\">\n\t\t\t\t\t\t\t\t\t\t\t\t\t<img decoding=\"async\" width=\"300\" height=\"193\" src=\"https:\/\/jf-rabodepeixe.sisdias.com\/web\/app\/uploads\/2024\/02\/3-1.webp\" class=\"attachment-large size-large wp-image-230\" alt=\"\" \/>\t\t\t\t\t\t\t\t\t\t\t\t\t<\/div>\n\t\t\t\t<\/div>\n\t\t\t\t<\/div>\n\t\t\t\t\t<\/div>\n\t\t\t\t<\/div>\n\t\t<div class=\"elementor-element elementor-element-42c13b8 e-flex e-con-boxed e-con e-parent\" data-id=\"42c13b8\" data-element_type=\"container\" data-core-v316-plus=\"true\">\n\t\t\t\t\t<div class=\"e-con-inner\">\n\t\t<div class=\"elementor-element elementor-element-649f207 e-flex e-con-boxed e-con e-child\" data-id=\"649f207\" data-element_type=\"container\">\n\t\t\t\t\t<div class=\"e-con-inner\">\n\t\t\t\t<div class=\"elementor-element elementor-element-ea657b2 elementor-widget elementor-widget-text-editor\" data-id=\"ea657b2\" data-element_type=\"widget\" data-widget_type=\"text-editor.default\">\n\t\t\t\t<div class=\"elementor-widget-container\">\n\t\t\t\t\t\t\t<p>Estas riquezas funcionaram como um p\u00f3lo de atrac\u00e7\u00e3o, que trouxe novas gentes \u00e1 Terra, transformando, desta forma, o pequeno aglomerado populacional na Grande Vila que Rabo de Peixe \u00e9 hoje.<\/p>\n<p>N\u00e3o existe consenso no que concerne \u00e0 justifica\u00e7\u00e3o do top\u00f3nimo, visto que, a primeira hip\u00f3tese se baseia na configura\u00e7\u00e3o de uma das suas pontas, que penetra no mar, a outra hip\u00f3tese, afirma que foi encontrado no mar, um peixe de dimens\u00e3o invulgar que a popula\u00e7\u00e3o do povoado n\u00e3o conseguiu identificar e, por essa raz\u00e3o, decidiram pendurar o rabo desse peixe num pau.&nbsp;<\/p>\n  <p>Deste modo, quando algu\u00e9m se deslocava deste lugar para outra zona da ilha, dizia que vinha do \u201cRabo de Peixe\u201d. \u00c9 no entanto, mais prov\u00e1vel, a vers\u00e3o relativa \u00e0 configura\u00e7\u00e3o natural da actual Vila, cujo formato se assemelhava com um Rabo de Peixe.&nbsp;<\/p>\n  <p>Este Pequeno Povoado, sem nome at\u00e9 ent\u00e3o, passou, desta forma, a chamar-se Rabo de Peixe e com o passar do tempo tornou-se numa das maiores freguesias de S\u00e3o Miguel, sendo actualmente Rabo de Peixe considerado uma Vila.&nbsp;<\/p>\n  <p>\n              A Vila de Rabo de Peixe tem sido ber\u00e7o de personalidades que se t\u00eam destacado em v\u00e1rias \u00e1reas de conhecimento e que t\u00eam dado um grande contributo \u00e0 sociedade.&nbsp;<br>\n            <\/p>\t\t\t\t\t\t<\/div>\n\t\t\t\t<\/div>\n\t\t\t\t\t<\/div>\n\t\t\t\t<\/div>\n\t\t\t\t\t<\/div>\n\t\t\t\t<\/div>\n\t\t<div class=\"elementor-element elementor-element-f3dd641 e-flex e-con-boxed e-con e-parent\" data-id=\"f3dd641\" data-element_type=\"container\" data-core-v316-plus=\"true\">\n\t\t\t\t\t<div class=\"e-con-inner\">\n\t\t<div class=\"elementor-element elementor-element-ce2cec3 e-con-full e-flex e-con e-child\" data-id=\"ce2cec3\" data-element_type=\"container\">\n\t\t\t\t<div class=\"elementor-element elementor-element-3535ae1 elementor-widget elementor-widget-image\" data-id=\"3535ae1\" data-element_type=\"widget\" data-widget_type=\"image.default\">\n\t\t\t\t<div class=\"elementor-widget-container\">\n\t\t\t\t\t\t\t\t\t\t\t\t\t<img decoding=\"async\" width=\"300\" height=\"193\" src=\"https:\/\/jf-rabodepeixe.sisdias.com\/web\/app\/uploads\/2024\/02\/1-1.webp\" class=\"attachment-large size-large wp-image-237\" alt=\"\" \/>\t\t\t\t\t\t\t\t\t\t\t\t\t<\/div>\n\t\t\t\t<\/div>\n\t\t\t\t<\/div>\n\t\t<div class=\"elementor-element elementor-element-d8704e4 e-con-full e-flex e-con e-child\" data-id=\"d8704e4\" data-element_type=\"container\">\n\t\t\t\t<div class=\"elementor-element elementor-element-908866f elementor-widget elementor-widget-image\" data-id=\"908866f\" data-element_type=\"widget\" data-widget_type=\"image.default\">\n\t\t\t\t<div class=\"elementor-widget-container\">\n\t\t\t\t\t\t\t\t\t\t\t\t\t<img loading=\"lazy\" decoding=\"async\" width=\"300\" height=\"178\" src=\"https:\/\/jf-rabodepeixe.sisdias.com\/web\/app\/uploads\/2024\/02\/2-1.webp\" class=\"attachment-large size-large wp-image-238\" alt=\"\" \/>\t\t\t\t\t\t\t\t\t\t\t\t\t<\/div>\n\t\t\t\t<\/div>\n\t\t\t\t<\/div>\n\t\t\t\t\t<\/div>\n\t\t\t\t<\/div>\n\t\t<div class=\"elementor-element elementor-element-408510f e-flex e-con-boxed e-con e-parent\" data-id=\"408510f\" data-element_type=\"container\" data-core-v316-plus=\"true\">\n\t\t\t\t\t<div class=\"e-con-inner\">\n\t\t\t\t<div class=\"elementor-element elementor-element-1e2ec73 elementor-widget elementor-widget-text-editor\" data-id=\"1e2ec73\" data-element_type=\"widget\" data-widget_type=\"text-editor.default\">\n\t\t\t\t<div class=\"elementor-widget-container\">\n\t\t\t\t\t\t\t<h3>Personalidades Hist\u00f3ricas<\/h3>\n<p>\nUma dessas personalidades foi o Padre Ant\u00f3nio Jos\u00e9 Moniz, que adoptou o nome de Frei Ant\u00f3nio do Pres\u00e9pio, pela ordem dos Franciscanos, nascido em Rabo de Peixe a 24 de Maio de 1868 e um dos mais destacados oradores do Pa\u00eds.\n<p>\nA sua vida sacerdotal foi um edificante exemplo de abnega\u00e7\u00e3o e bondade e na tribuna ningu\u00e9m o excedeu, pois foi incontestavelmente um dos mais ilustres oradores do seu templo em todo o territ\u00f3rio nacional, tendo-se distinguido como ex\u00edmio conferencista.\n<p>\n<span style=\"color: var( --e-global-color-text ); font-family: var( --e-global-typography-text-font-family ), Sans-serif; font-size: var( --e-global-typography-text-font-size ); font-weight: var( --e-global-typography-text-font-weight ); text-align: var(--text-align);\">Como mission\u00e1rio este nas long\u00ednquas col\u00f3nias Portuguesas, onde prestou assinal\u00e1veis servi\u00e7os como sacerdote e cidad\u00e3o, e onde contraiu a doen\u00e7a que o dominou, tende falecido a 26 de Outubro de 1930.\u00a0<\/span>\n<p>\n<span style=\"color: var( --e-global-color-text ); font-family: var( --e-global-typography-text-font-family ), Sans-serif; font-size: var( --e-global-typography-text-font-size ); font-weight: var( --e-global-typography-text-font-weight ); text-align: var(--text-align);\">A casa onde nasceu, na Rua Nova, vulgo das Padeiras, est\u00e1 assinalada com uma l\u00e1pide mandada colocar pelo munic\u00edpio da Ribeira Grande, em sua homenagem, tendo, tamb\u00e9m, o largo principal da Vila o nome deste grande orador.\u00a0<\/span>\n<p>\n<span style=\"color: var( --e-global-color-text ); font-family: var( --e-global-typography-text-font-family ), Sans-serif; font-size: var( --e-global-typography-text-font-size ); font-weight: var( --e-global-typography-text-font-weight ); text-align: var(--text-align);\">Outra grande Personalidade foi o Dom Paulo Tavares, Bispo de Macau durante v\u00e1rios anos. Este h\u00e1bil diplomata desempenhou fun\u00e7\u00f5es na secretaria de estado verticano, sendo o primeiro A\u00e7oriano a exercer um cargo na Santa F\u00e9, tendo sido das figuras, da hierarquia da Igreja, mais pr\u00f3ximas do Papa Paulo VI.\u00a0<\/span>\n<p>\nA Vila Homenageou este filho de Rabo de Peixe, dando o seu nome a uma das art\u00e9rias da freguesia.\n<p>\n<span style=\"color: var( --e-global-color-text ); font-family: var( --e-global-typography-text-font-family ), Sans-serif; font-size: var( --e-global-typography-text-font-size ); font-weight: var( --e-global-typography-text-font-weight ); text-align: var(--text-align);\">\u00c8 de referir ainda a figura de Manuel Ant\u00f3nio Vasconcelos, fundador do mais antigo jornal de Portugal, o \u201cA\u00e7oriano Oriental\u201d, que passou largos per\u00edodos de sua vida em Rabo de Peixe e a escolheu como sua \u00faltima morada. Este not\u00e1vel deputado nas cortes, pelos c\u00edrculos dos A\u00e7ores e de Cabo Verde, fundou ainda o jornal, \u201cO Tempo\u201d, e embora n\u00e3o tenha nascido na Vila de sua m\u00e3e, foi baptizado com grande cerimonial em Rabo de Peixe.\u00a0<\/span>\n<p>\nOutro not\u00e1vel filho de Rabo e Peixe com grande projec\u00e7\u00e3o intelectual foi Ruy Galv\u00e3o de Carvalho, galardoado pelo pr\u00f3prio Presidente da Republica, nesta obra, salienta-se a Antologia Po\u00e9tica dos A\u00e7ores.\n<p>\nO Dr. Ruy Galv\u00e3o de Carvalho tem uma rua em rabo de Peixe com o seu nome, assinalar exactamente o local onde nasceu.\t\t\t\t\t\t<\/div>\n\t\t\t\t<\/div>\n\t\t\t\t\t<\/div>\n\t\t\t\t<\/div>\n\t\t<div class=\"elementor-element elementor-element-d67b056 e-flex e-con-boxed e-con e-parent\" data-id=\"d67b056\" data-element_type=\"container\" data-core-v316-plus=\"true\">\n\t\t\t\t\t<div class=\"e-con-inner\">\n\t\t<div class=\"elementor-element elementor-element-92a4e81 e-con-full e-flex e-con e-child\" data-id=\"92a4e81\" data-element_type=\"container\">\n\t\t\t\t<div class=\"elementor-element elementor-element-6abfc05 elementor-widget elementor-widget-image\" data-id=\"6abfc05\" data-element_type=\"widget\" data-widget_type=\"image.default\">\n\t\t\t\t<div class=\"elementor-widget-container\">\n\t\t\t\t\t\t\t\t\t\t\t\t\t<img loading=\"lazy\" decoding=\"async\" width=\"354\" height=\"591\" src=\"https:\/\/jf-rabodepeixe.sisdias.com\/web\/app\/uploads\/2024\/02\/rui-galvao-de-carvalho.webp\" class=\"attachment-large size-large wp-image-235\" alt=\"\" srcset=\"https:\/\/jf-rabodepeixe.sisdias.com\/web\/app\/uploads\/2024\/02\/rui-galvao-de-carvalho.webp 354w, https:\/\/jf-rabodepeixe.sisdias.com\/web\/app\/uploads\/2024\/02\/rui-galvao-de-carvalho-180x300.webp 180w\" sizes=\"(max-width: 354px) 100vw, 354px\" \/>\t\t\t\t\t\t\t\t\t\t\t\t\t<\/div>\n\t\t\t\t<\/div>\n\t\t\t\t<\/div>\n\t\t\t\t\t<\/div>\n\t\t\t\t<\/div>\n\t\t<div class=\"elementor-element elementor-element-4388903 e-flex e-con-boxed e-con e-parent\" data-id=\"4388903\" data-element_type=\"container\" data-core-v316-plus=\"true\">\n\t\t\t\t\t<div class=\"e-con-inner\">\n\t\t\t\t<div class=\"elementor-element elementor-element-1b22197 elementor-widget elementor-widget-text-editor\" data-id=\"1b22197\" data-element_type=\"widget\" data-widget_type=\"text-editor.default\">\n\t\t\t\t<div class=\"elementor-widget-container\">\n\t\t\t\t\t\t\t<p>Ant\u00f3nio Tavares Torres foi tamb\u00e9m uma personalidade de grande relevo na localidade, nascido em rabo de Peixe a 13 de Junho de 1856, dedicou-se, ao longo da sua vida, aos interesses do Concelho da Ribeira Grande e de toda a popula\u00e7\u00e3o da sua da sua freguesia.<\/p><p>Detentor de uma veia po\u00e9tica de grande sensibilidade, comp\u00f4s muitos versos sobre a sua terra e as suas gentes, entre os quais se destacava o primeiro hino da Autonomia dos A\u00e7ores.<\/p><p>Da sua vida pr\u00e1tica salientam-se os cargos de Presidente da C\u00e2mara da Ribeira Grande e de procurador \u00e1 Junta Geral. Ant\u00f3nio Tavares Torres faleceu a 28 de Setembro de 1936.<\/p><p>Esta Vila foi ainda ber\u00e7o de Jos\u00e9 Amaral da Luz, aqui nascido a 13 de Julho de 1879. Era um poeta do povo, sendo considerado durante muitos anos o \u201cRei\u201d das Cavalhadas de S\u00e3o Pedro da Ribeira Seca, pois, no ano de 1987, a C\u00e2mara Municipal da Ribeira Grande e a Junta de Freguesia de Rabo de Peixe prestou-lhe homenagem p\u00f3stuma.<\/p><p>Outro Rabopeixense Ilustre foi Ant\u00f3nio Raposo de Amaral, que faleceu a 23 de Junho de 1987 na Cidade do Porto. A sua voca\u00e7\u00e3o para a escrita levou-o a compor poemas alusivos a v\u00e1rios temas.<\/p><p>No ano de 1888, nasceu em Rabo de Peixe outra figura merecedora de men\u00e7\u00e3o Ant\u00f3nio Tavares Penacho, fundador da tipografia Insular e Gerente da Oficina de Artes Gr\u00e1ficas, onde era impresso o Jornal \u201cA Ilha\u201d. Faleceu a 13 de Novembro de 1960.<\/p><p>N\u00e3o podia ainda deixar de ser referido Jos\u00e9 Vieira, um famoso Cen\u00f3grafo nascido a 18 de Julho de 1913 em Rabo de Peixe, e que veio a falecer em Ponta Delgada a 2 de Abril de 1987.<\/p><p>A sua liga\u00e7\u00e3o ao teatro impeliu-o a construir um gigantesco palco desmont\u00e1vel para levar \u00e0s freguesias de S\u00e3o Miguel as Revistas Lanterna M\u00e1gica e Bota abaixo.<\/p><p>A ele, juntamente com Santos Figueira e V\u00edtor Cruz, ficou tamb\u00e9m a dever-se a realiza\u00e7\u00e3o dos famosos bailes de Carnaval no Coliseu.<br \/>Outro ilustre filho da Terra foi Francisco Manuel Raposo de Almeida, que nasceu em Rabo de Peixe a 17 de Agosto e 1817. Cr\u00ea-se que tenha sido ele o editor respons\u00e1vel do \u201cTribuno do Povo\u201d entre Novembro de 1838 e Mar\u00e7o de 1839.<\/p><p>Em meados do s\u00e9c. XIX partiu para o Brasil, onde tamb\u00e9m foi redactor em diversos jornais. Ao longo da sua vida produziu quarenta e uma obras liter\u00e1rias, abrangendo o teatro, o romance e as investiga\u00e7\u00f5es hist\u00f3ricas.<\/p>\t\t\t\t\t\t<\/div>\n\t\t\t\t<\/div>\n\t\t\t\t\t<\/div>\n\t\t\t\t<\/div>\n\t\t\t\t<\/div>\n\t\t","protected":false},"excerpt":{"rendered":"<p>As ra\u00edzes hist\u00f3ricas desta povoa\u00e7\u00e3o remontam, pelo menos a meados do s\u00e9c.XV, altura em que a ilha de S\u00e3o Miguel come\u00e7ava a ser povoada. Pequenos aglomerados de pessoas fixaram-se em diferentes pontos da Ilha, de forma explorarem as muitas riquezas existentes. Na verdade, quer se encontrassem junto ao mar, quer se retirassem para o interior, [&hellip;]<\/p>\n","protected":false},"author":1,"featured_media":0,"parent":0,"menu_order":0,"comment_status":"closed","ping_status":"closed","template":"","meta":{"_acf_changed":false,"footnotes":""},"acf":[],"yoast_head":"<!-- This site is optimized with the Yoast SEO plugin v22.2 - https:\/\/yoast.com\/wordpress\/plugins\/seo\/ -->\n<title>Hist\u00f3ria - Freguesia Vila de Rabo de Peixe<\/title>\n<meta name=\"robots\" content=\"noindex, follow, max-snippet:-1, max-image-preview:large, max-video-preview:-1\" \/>\n<meta property=\"og:locale\" content=\"pt_PT\" \/>\n<meta property=\"og:type\" content=\"article\" \/>\n<meta property=\"og:title\" content=\"Hist\u00f3ria - Freguesia Vila de Rabo de Peixe\" \/>\n<meta property=\"og:description\" content=\"As ra\u00edzes hist\u00f3ricas desta povoa\u00e7\u00e3o remontam, pelo menos a meados do s\u00e9c.XV, altura em que a ilha de S\u00e3o Miguel come\u00e7ava a ser povoada. Pequenos aglomerados de pessoas fixaram-se em diferentes pontos da Ilha, de forma explorarem as muitas riquezas existentes. Na verdade, quer se encontrassem junto ao mar, quer se retirassem para o interior, [&hellip;]\" \/>\n<meta property=\"og:url\" content=\"https:\/\/jf-rabodepeixe.sisdias.com\/web\/teste\/\" \/>\n<meta property=\"og:site_name\" content=\"Freguesia Vila de Rabo de Peixe\" \/>\n<meta property=\"article:modified_time\" content=\"2024-03-08T11:55:41+00:00\" \/>\n<meta property=\"og:image\" content=\"https:\/\/jf-rabodepeixe.sisdias.com\/web\/app\/uploads\/2024\/02\/4-1.webp\" \/>\n<meta name=\"twitter:card\" content=\"summary_large_image\" \/>\n<meta name=\"twitter:label1\" content=\"Tempo estimado de leitura\" \/>\n\t<meta name=\"twitter:data1\" content=\"8 minutos\" \/>\n<script type=\"application\/ld+json\" class=\"yoast-schema-graph\">{\"@context\":\"https:\/\/schema.org\",\"@graph\":[{\"@type\":\"WebPage\",\"@id\":\"https:\/\/jf-rabodepeixe.sisdias.com\/web\/teste\/\",\"url\":\"https:\/\/jf-rabodepeixe.sisdias.com\/web\/teste\/\",\"name\":\"Hist\u00f3ria - Freguesia Vila de Rabo de Peixe\",\"isPartOf\":{\"@id\":\"https:\/\/jf-rabodepeixe.sisdias.com\/web\/#website\"},\"primaryImageOfPage\":{\"@id\":\"https:\/\/jf-rabodepeixe.sisdias.com\/web\/teste\/#primaryimage\"},\"image\":{\"@id\":\"https:\/\/jf-rabodepeixe.sisdias.com\/web\/teste\/#primaryimage\"},\"thumbnailUrl\":\"https:\/\/jf-rabodepeixe.sisdias.com\/web\/app\/uploads\/2024\/02\/4-1.webp\",\"datePublished\":\"2024-03-08T11:43:52+00:00\",\"dateModified\":\"2024-03-08T11:55:41+00:00\",\"breadcrumb\":{\"@id\":\"https:\/\/jf-rabodepeixe.sisdias.com\/web\/teste\/#breadcrumb\"},\"inLanguage\":\"pt-PT\",\"potentialAction\":[{\"@type\":\"ReadAction\",\"target\":[\"https:\/\/jf-rabodepeixe.sisdias.com\/web\/teste\/\"]}]},{\"@type\":\"ImageObject\",\"inLanguage\":\"pt-PT\",\"@id\":\"https:\/\/jf-rabodepeixe.sisdias.com\/web\/teste\/#primaryimage\",\"url\":\"https:\/\/jf-rabodepeixe.sisdias.com\/web\/app\/uploads\/2024\/02\/4-1.webp\",\"contentUrl\":\"https:\/\/jf-rabodepeixe.sisdias.com\/web\/app\/uploads\/2024\/02\/4-1.webp\",\"width\":300,\"height\":200},{\"@type\":\"BreadcrumbList\",\"@id\":\"https:\/\/jf-rabodepeixe.sisdias.com\/web\/teste\/#breadcrumb\",\"itemListElement\":[{\"@type\":\"ListItem\",\"position\":1,\"name\":\"In\u00edcio\",\"item\":\"https:\/\/jf-rabodepeixe.sisdias.com\/web\/freguesiaconceicao\/\"},{\"@type\":\"ListItem\",\"position\":2,\"name\":\"Hist\u00f3ria\"}]},{\"@type\":\"WebSite\",\"@id\":\"https:\/\/jf-rabodepeixe.sisdias.com\/web\/#website\",\"url\":\"https:\/\/jf-rabodepeixe.sisdias.com\/web\/\",\"name\":\"Freguesia Vila de Rabo de Peixe\",\"description\":\"brasao\",\"publisher\":{\"@id\":\"https:\/\/jf-rabodepeixe.sisdias.com\/web\/#organization\"},\"potentialAction\":[{\"@type\":\"SearchAction\",\"target\":{\"@type\":\"EntryPoint\",\"urlTemplate\":\"https:\/\/jf-rabodepeixe.sisdias.com\/web\/?s={search_term_string}\"},\"query-input\":\"required name=search_term_string\"}],\"inLanguage\":\"pt-PT\"},{\"@type\":\"Organization\",\"@id\":\"https:\/\/jf-rabodepeixe.sisdias.com\/web\/#organization\",\"name\":\"Freguesia Vila de Rabo de Peixe\",\"url\":\"https:\/\/jf-rabodepeixe.sisdias.com\/web\/\",\"logo\":{\"@type\":\"ImageObject\",\"inLanguage\":\"pt-PT\",\"@id\":\"https:\/\/jf-rabodepeixe.sisdias.com\/web\/#\/schema\/logo\/image\/\",\"url\":\"https:\/\/jf-rabodepeixe.sisdias.com\/web\/app\/uploads\/2024\/02\/brasao.webp\",\"contentUrl\":\"https:\/\/jf-rabodepeixe.sisdias.com\/web\/app\/uploads\/2024\/02\/brasao.webp\",\"width\":300,\"height\":324,\"caption\":\"Freguesia Vila de Rabo de Peixe\"},\"image\":{\"@id\":\"https:\/\/jf-rabodepeixe.sisdias.com\/web\/#\/schema\/logo\/image\/\"}}]}<\/script>\n<!-- \/ Yoast SEO plugin. -->","yoast_head_json":{"title":"Hist\u00f3ria - Freguesia Vila de Rabo de Peixe","robots":{"index":"noindex","follow":"follow","max-snippet":"max-snippet:-1","max-image-preview":"max-image-preview:large","max-video-preview":"max-video-preview:-1"},"og_locale":"pt_PT","og_type":"article","og_title":"Hist\u00f3ria - Freguesia Vila de Rabo de Peixe","og_description":"As ra\u00edzes hist\u00f3ricas desta povoa\u00e7\u00e3o remontam, pelo menos a meados do s\u00e9c.XV, altura em que a ilha de S\u00e3o Miguel come\u00e7ava a ser povoada. Pequenos aglomerados de pessoas fixaram-se em diferentes pontos da Ilha, de forma explorarem as muitas riquezas existentes. Na verdade, quer se encontrassem junto ao mar, quer se retirassem para o interior, [&hellip;]","og_url":"https:\/\/jf-rabodepeixe.sisdias.com\/web\/teste\/","og_site_name":"Freguesia Vila de Rabo de Peixe","article_modified_time":"2024-03-08T11:55:41+00:00","og_image":[{"url":"https:\/\/jf-rabodepeixe.sisdias.com\/web\/app\/uploads\/2024\/02\/4-1.webp"}],"twitter_card":"summary_large_image","twitter_misc":{"Tempo estimado de leitura":"8 minutos"},"schema":{"@context":"https:\/\/schema.org","@graph":[{"@type":"WebPage","@id":"https:\/\/jf-rabodepeixe.sisdias.com\/web\/teste\/","url":"https:\/\/jf-rabodepeixe.sisdias.com\/web\/teste\/","name":"Hist\u00f3ria - Freguesia Vila de Rabo de Peixe","isPartOf":{"@id":"https:\/\/jf-rabodepeixe.sisdias.com\/web\/#website"},"primaryImageOfPage":{"@id":"https:\/\/jf-rabodepeixe.sisdias.com\/web\/teste\/#primaryimage"},"image":{"@id":"https:\/\/jf-rabodepeixe.sisdias.com\/web\/teste\/#primaryimage"},"thumbnailUrl":"https:\/\/jf-rabodepeixe.sisdias.com\/web\/app\/uploads\/2024\/02\/4-1.webp","datePublished":"2024-03-08T11:43:52+00:00","dateModified":"2024-03-08T11:55:41+00:00","breadcrumb":{"@id":"https:\/\/jf-rabodepeixe.sisdias.com\/web\/teste\/#breadcrumb"},"inLanguage":"pt-PT","potentialAction":[{"@type":"ReadAction","target":["https:\/\/jf-rabodepeixe.sisdias.com\/web\/teste\/"]}]},{"@type":"ImageObject","inLanguage":"pt-PT","@id":"https:\/\/jf-rabodepeixe.sisdias.com\/web\/teste\/#primaryimage","url":"https:\/\/jf-rabodepeixe.sisdias.com\/web\/app\/uploads\/2024\/02\/4-1.webp","contentUrl":"https:\/\/jf-rabodepeixe.sisdias.com\/web\/app\/uploads\/2024\/02\/4-1.webp","width":300,"height":200},{"@type":"BreadcrumbList","@id":"https:\/\/jf-rabodepeixe.sisdias.com\/web\/teste\/#breadcrumb","itemListElement":[{"@type":"ListItem","position":1,"name":"In\u00edcio","item":"https:\/\/jf-rabodepeixe.sisdias.com\/web\/freguesiaconceicao\/"},{"@type":"ListItem","position":2,"name":"Hist\u00f3ria"}]},{"@type":"WebSite","@id":"https:\/\/jf-rabodepeixe.sisdias.com\/web\/#website","url":"https:\/\/jf-rabodepeixe.sisdias.com\/web\/","name":"Freguesia Vila de Rabo de Peixe","description":"brasao","publisher":{"@id":"https:\/\/jf-rabodepeixe.sisdias.com\/web\/#organization"},"potentialAction":[{"@type":"SearchAction","target":{"@type":"EntryPoint","urlTemplate":"https:\/\/jf-rabodepeixe.sisdias.com\/web\/?s={search_term_string}"},"query-input":"required name=search_term_string"}],"inLanguage":"pt-PT"},{"@type":"Organization","@id":"https:\/\/jf-rabodepeixe.sisdias.com\/web\/#organization","name":"Freguesia Vila de Rabo de Peixe","url":"https:\/\/jf-rabodepeixe.sisdias.com\/web\/","logo":{"@type":"ImageObject","inLanguage":"pt-PT","@id":"https:\/\/jf-rabodepeixe.sisdias.com\/web\/#\/schema\/logo\/image\/","url":"https:\/\/jf-rabodepeixe.sisdias.com\/web\/app\/uploads\/2024\/02\/brasao.webp","contentUrl":"https:\/\/jf-rabodepeixe.sisdias.com\/web\/app\/uploads\/2024\/02\/brasao.webp","width":300,"height":324,"caption":"Freguesia Vila de Rabo de Peixe"},"image":{"@id":"https:\/\/jf-rabodepeixe.sisdias.com\/web\/#\/schema\/logo\/image\/"}}]}},"_links":{"self":[{"href":"https:\/\/jf-rabodepeixe.sisdias.com\/web\/wp-json\/wp\/v2\/pages\/1052"}],"collection":[{"href":"https:\/\/jf-rabodepeixe.sisdias.com\/web\/wp-json\/wp\/v2\/pages"}],"about":[{"href":"https:\/\/jf-rabodepeixe.sisdias.com\/web\/wp-json\/wp\/v2\/types\/page"}],"author":[{"embeddable":true,"href":"https:\/\/jf-rabodepeixe.sisdias.com\/web\/wp-json\/wp\/v2\/users\/1"}],"replies":[{"embeddable":true,"href":"https:\/\/jf-rabodepeixe.sisdias.com\/web\/wp-json\/wp\/v2\/comments?post=1052"}],"version-history":[{"count":5,"href":"https:\/\/jf-rabodepeixe.sisdias.com\/web\/wp-json\/wp\/v2\/pages\/1052\/revisions"}],"predecessor-version":[{"id":1066,"href":"https:\/\/jf-rabodepeixe.sisdias.com\/web\/wp-json\/wp\/v2\/pages\/1052\/revisions\/1066"}],"wp:attachment":[{"href":"https:\/\/jf-rabodepeixe.sisdias.com\/web\/wp-json\/wp\/v2\/media?parent=1052"}],"curies":[{"name":"wp","href":"https:\/\/api.w.org\/{rel}","templated":true}]}}